{"id":410,"date":"2019-08-11T09:31:51","date_gmt":"2019-08-11T07:31:51","guid":{"rendered":"https:\/\/propedis.pl\/sklep\/?page_id=410"},"modified":"2024-11-27T15:31:44","modified_gmt":"2024-11-27T14:31:44","slug":"polityka-prywatnosci","status":"publish","type":"page","link":"https:\/\/propedis.pl\/sklep\/polityka-prywatnosci\/","title":{"rendered":"Polityka prywatno\u015bci"},"content":{"rendered":"<p>Dzie\u0144 dobry, cze\u015b\u0107,<\/p>\n<p>Je\u015bli trafi\u0142e\u015b na t\u0119 stron\u0119, to znak, \u017ce wa\u017cna jest dla Ciebie ochrona Twoich danych osobowych. Chcemy Ci\u0119 zapewni\u0107, \u017ce dbamy o Twoj\u0105 prywatno\u015b\u0107 i jest ona dla nas wa\u017cna. W tym celu wdro\u017cyli\u015bmy nie tylko \u015brodki prawne, ale i techniczne, \u017ceby dodatkowo wzmocni\u0107 jej ochron\u0119.<\/p>\n<p>Zgodnie z RODO, poni\u017cej przedstawiamy Ci zasady przetwarzania przez nas Twoich danych osobowych. Zapoznaj si\u0119 z najwa\u017cniejszymi pytaniami dotycz\u0105cymi Twoich danych osobowych, a w razie jakichkolwiek w\u0105tpliwo\u015bci lub dodatkowych pyta\u0144 dot. polityki prywatno\u015bci, zapraszamy do kontaktu z nami na adres: biuro@propedis.pl.<\/p>\n<h1 style=\"text-align: center;\"><b>POLITYKA PRYWATNO\u015aCI<\/b><\/h1>\n<h2 style=\"text-align: center;\"><b>\u00a71<\/b><\/h2>\n<h2 style=\"text-align: center;\"><b>Kim jest Administrator Twoich danych osobowych?<\/b><\/h2>\n<p>Administratorem danych jest PRO PEDIS SP\u00d3\u0141KA Z OGRANICZON\u0104 ODPOWIEDZIALNO\u015aCI\u0104 wpisana do rejestru przedsi\u0119biorc\u00f3w prowadzonego przez S\u0105d Rejonowy dla m.st. Warszawy w Warszawie, XII Wydzia\u0142 Gospodarczy Krajowego Rejestru S\u0105dowego pod numerem KRS: 0000489502, NIP: 52525745711, REGON: 147003757 pod adresem miejsca wykonywania dzia\u0142alno\u015bci oraz adresem do dor\u0119cze\u0144: ul. Ogrodowa 58, 00-876 Warszawa.<\/p>\n<p>Mo\u017cesz skontaktowa\u0107 si\u0119 z Administratorem e-mailowo pisz\u0105c na adres e-mail: biuro@propedis.pl<\/p>\n<p>&nbsp;<\/p>\n<h2 style=\"text-align: center;\"><b>\u00a72<\/b><\/h2>\n<h2 style=\"text-align: center;\"><b>W jakim celu zbieramy Twoje dane i jak d\u0142ugo je przechowujemy?\u00a0<\/b><\/h2>\n<p>&nbsp;<\/p>\n<p>Mo\u017cemy przetwarza\u0107 Twoje dane w nast\u0119puj\u0105cych celach:<\/p>\n<p>&nbsp;<\/p>\n<p><b>1. Komunikacji z Tob\u0105, w tym udzielania odpowiedzi na pytania przekazane przez\u00a0<\/b><b>formularz kontaktowy, wiadomo\u015b\u0107 e-mail, itp.<\/b><\/p>\n<p>&nbsp;<\/p>\n<p>Dane b\u0119d\u0105 przetwarzane w oparciu o uzasadniony interes Administratora w postaci komunikacji z U\u017cytkownikami Strony (art. 6 ust. 1 lit. f RODO). Twoje dane b\u0119d\u0105 przetwarzane nie d\u0142u\u017cej ni\u017c do czasu wniesienia przez Ciebie sprzeciwu lub ustania celu biznesowego.\u00a0Podanie tych danych jest dobrowolne, ale niezb\u0119dne do komunikacji z Tob\u0105.\u00a0Dane mog\u0105 by\u0107 tak\u017ce przetwarzane w celu archiwizacji do cel\u00f3w wewn\u0119trznych w oparciu\u00a0o uzasadniony interes Administratora\u00a0(art. 6 ust. 1 lit. f RODO)\u00a0do czasu wniesienia sprzeciwu lub ustania celu biznesowego.<\/p>\n<p>&nbsp;<\/p>\n<p><b>2. Zawarcia umowy i jej realizacji (z\u0142o\u017cenia zam\u00f3wienia)<\/b><b>.<\/b><\/p>\n<p><b>3. Ustalenia, obrony i dochodzenia roszcze\u0144<\/b><\/p>\n<p><b>4. Realizacji obowi\u0105zk\u00f3w prawnych ci\u0105\u017c\u0105cych na Administratorze (m.in. obowi\u0105zk\u00f3w podatkowych i archiwizacyjnych).<\/b><\/p>\n<p>&nbsp;<\/p>\n<p><b>Dane niezb\u0119dne do zawarcia i realizacji umowy<\/b>\u00a0b\u0119d\u0105 przetwarzane przez czas realizacji umowy, w tym przez czas realizacji uprawnie\u0144 wynikaj\u0105cych z umowy, jak np. prawo do reklamacji z tytu\u0142u r\u0119kojmi\u00a0(art. 6 ust. 1 lit. b i f RODO).\u00a0Podanie tych danych jest dobrowolne, ale niezb\u0119dne do zawarcia i realizacji umowy.<\/p>\n<p><b>Dane dodatkowe podane w celu m.in. usprawnienia realizacji umowy\u00a0<\/b>b\u0119d\u0105 przetwarzane\u00a0nie d\u0142u\u017cej ni\u017c do czasu wniesienia przez Ciebie sprzeciwu lub ustania celu biznesowego\u00a0w oparciu o uzasadniony interes w postaci obs\u0142ugi Klient\u00f3w\u00a0(art. 6 ust. 1 lit. f RODO).<\/p>\n<p>Po tym okresie,\u00a0<b>dane b\u0119d\u0105\u00a0<\/b><b>przetwarzane\u00a0<\/b><b>przez okres przedawnienia roszcze\u0144<\/b>\u00a0w oparciu o uzasadniony interes Administratora w celu obrony przed roszczeniami, a tak\u017ce w celu ustalenia i dochodzenia roszcze\u0144\u00a0(art. 6 ust. 1 lit. f RODO).<\/p>\n<p>W przypadku gdy dane s\u0105 <strong>niezb\u0119dne do realizacji obowi\u0105zk\u00f3w prawnych,<\/strong> ci\u0105\u017c\u0105cych na Administratorze (jak np. wystawianie i przechowywanie faktur, realizacja procedur wynikaj\u0105cych z aktu o us\u0142ugach cyfrowych) \u2013 dane b\u0119d\u0105 przetwarzane w tym celu nie d\u0142u\u017cej ni\u017c przez 6 lat (obowi\u0105zki archiwizacyjne dot. dokument\u00f3w ksi\u0119gowych), chyba \u017ce przepisy prawa stanowi\u0105 inaczej (art. 6 ust. 1 lit. c RODO) .<\/p>\n<p>Dane mog\u0105 by\u0107 tak\u017ce archiwizowane do cel\u00f3w wewn\u0119trznych i statystycznych\u00a0do czasu wniesienia przez Ciebie sprzeciwu lub ustania celu biznesowego\u00a0w oparciu o uzasadniony interes Administratora\u00a0(art. 6 ust. 1 lit. f RODO).<\/p>\n<p>&nbsp;<\/p>\n<p><b>5. Dostarczania informacji marketingowych (m.in. wysy\u0142ki newslettera oraz informacji o us\u0142ugach, produktach, promocjach, darmowych tre\u015bciach za pomoc\u0105 innych narz\u0119dzi, np. chatbot, telefonicznie).<\/b><\/p>\n<p>&nbsp;<\/p>\n<p>Dane b\u0119d\u0105 przetwarzane w oparciu o uzasadniony interes Administratora w postaci marketingu produkt\u00f3w i us\u0142ug Administratora (art. 6 ust. 1 lit. f RODO). Twoje dane b\u0119d\u0105 przetwarzane nie d\u0142u\u017cej ni\u017c do czasu wniesienia przez Ciebie sprzeciwu lub ustania celu biznesowego \u2013 w zale\u017cno\u015bci od tego, co nast\u0105pi wcze\u015bniej. Podanie danych jest dobrowolne, jednak niezb\u0119dne do otrzymywania informacji marketingowych\/handlowych.<\/p>\n<p>Do cel\u00f3w komunikacji handlowej oraz telefonicznej potrzebuj\u0119 Twojej zgody zgodnie z art. 10 ustawy o \u015bwiadczeniu us\u0142ug drog\u0105 elektroniczn\u0105. Mo\u017cesz j\u0105 w ka\u017cdej chwili wycofa\u0107,\u00a0klikaj\u0105c link w stopce maila lub pisz\u0105c do mnie na adres podany wy\u017cej<b>.<\/b><\/p>\n<p>&nbsp;<\/p>\n<p><b>6. Administrowania i zarz\u0105dzania stron\u0105 i grupami na platformach spo\u0142eczno\u015bciowych<\/b><b>\u00a0(m.in. Facebook (Meta), Instagram,TikTok, Linkedin)<\/b><b>\u00a0w przypadku przetwarzania danych na platformach spo\u0142eczno\u015bciowych, w tym komunikacji z Tob\u0105, kierowania do Ciebie tre\u015bci marketingowych<\/b><b>.\u00a0<\/b><\/p>\n<p>Dane te b\u0119d\u0105 przetwarzane wy\u0142\u0105cznie wtedy, gdy zdecydujesz si\u0119 na polubienie strony \/ do\u0142\u0105czenie do grupy \/ wybranie opcji \u201eObserwuj\u201d lub w inny spos\u00f3b zostawisz swoje dane na platformie zarz\u0105dzanej przeze mnie, np. w formie umieszczenia wpisu lub komentarza. Dane b\u0119d\u0105 przetwarzane przez okres istnienia strony\/grupy lub do czasu wniesienia przez Ciebie sprzeciwu, co mo\u017ce nast\u0105pi\u0107 poprzez odklikni\u0119cie opcji \u201eLubi\u0119 to\u201d, \u201eObserwuj\u201d, usuni\u0119cie komentarza\/wpisu lub w inny spos\u00f3b przewidziany w ramach platformy\/strony lub poprzez skontaktowanie si\u0119 z nami. Informujemy, \u017ce zasady odnosz\u0105ce si\u0119 do strony\/fanpage\u2019a\/grupy ustala Administrator, natomiast zasady korzystania z portalu spo\u0142eczno\u015bciowego, na kt\u00f3rym umieszczona jest strona\/fanpage\/grupa ustala podmiot zarz\u0105dzaj\u0105cy tymi portalami.<\/p>\n<p>&nbsp;<\/p>\n<p><b>7. Analitycznym i statystycznym\u00a0<\/b><\/p>\n<p>Dane przetwarzane co cel\u00f3w analitycznych i statystycznych polegaj\u0105cym w szczeg\u00f3lno\u015bci na analizie danych pozyskanych automatycznie przy korzystaniu ze strony internetowej, w tym plik\u00f3w cookies, przetwarzane s\u0105 w oparciu o uzasadniony interes Administratora w postaci\u00a0dostosowania zawarto\u015bci Strony do preferencji U\u017cytkownika oraz optymalizacji korzystania ze Strony; tworzenia statystyk, kt\u00f3re pomagaj\u0105 zrozumie\u0107, w jaki spos\u00f3b U\u017cytkownicy korzystaj\u0105 ze Strony, co umo\u017cliwia ulepszanie jej struktury i zawarto\u015bci\u00a0(art. 6 ust. 1 lit. f RODO). Dane mog\u0105 by\u0107 tak\u017ce archiwizowane do cel\u00f3w wewn\u0119trznych i statystycznych\u00a0do czasu wniesienia przez Ciebie sprzeciwu lub ustania celu biznesowego\u00a0w oparciu o uzasadniony interes Administratora\u00a0(art. 6 ust. 1 lit. f RODO).<\/p>\n<p>&nbsp;<\/p>\n<p><b>8. Odzyskiwania odrzuconych koszyk\u00f3w.<\/b><\/p>\n<p>&nbsp;<\/p>\n<p>W sytuacji gdy nie uko\u0144czysz sk\u0142adania zam\u00f3wienia, otrzymasz przypomnienie o rozpocz\u0119tym, ale niesfinalizowanym zam\u00f3wieniu. Dane przetwarzane b\u0119d\u0105 w oparciu o uzasadniony interes Administratora w postaci obs\u0142ugi potencjalnych Klient\u00f3w i Klient\u00f3w(art. 6 ust. 1 lit. f RODO). Dane te b\u0119d\u0105 przetwarzane przez czas niezb\u0119dny do realizacji cel\u00f3w biznesowych lub wniesienia sprzeciwu.<\/p>\n<p>&nbsp;<\/p>\n<p><b>9. Zamieszczania komentarzy<\/b>.<\/p>\n<p>&nbsp;<\/p>\n<p>W stosunku do danych widocznych na naszej Stronie przy zamieszczonym komentarzu, dane te s\u0105 przetwarzane przez nas w celu administrowania Stron\u0105 i jej obs\u0142ugi oraz komunikacji z Tob\u0105 w oparciu o uzasadniony interes Administratora (art.\u00a0 6 ust. 1 lit. f) przez czas niezb\u0119dny do realizacji cel\u00f3w biznesowych lub wniesienia sprzeciwu.<\/p>\n<p>&nbsp;<\/p>\n<p><b>10. Promocji i marketingu\u00a0<\/b><\/p>\n<p>&nbsp;<\/p>\n<p>W sytuacji gdy przeka\u017cesz nam swoje dane w szczeg\u00f3lno\u015bci w postaci opinii dotycz\u0105cej produktu lub us\u0142ugi, w tym dane dot. wizerunku, dane te b\u0119d\u0105 przetwarzane b\u0119d\u0105 w oparciu o uzasadniony interes Administratora w postaci marketingu us\u0142ug i produkt\u00f3w Administratora oraz podnoszenia ich jako\u015bci. Dane te b\u0119d\u0105 przetwarzane przez czas niezb\u0119dny do realizacji cel\u00f3w biznesowych lub wniesienia sprzeciwu. Podanie danych jest dobrowolne.<\/p>\n<p>&nbsp;<\/p>\n<p><b>11. Zbierania danych wra\u017cliwych<\/b><b><\/b><\/p>\n<p>&nbsp;<\/p>\n<p>Dane wra\u017cliwe s\u0105 zbierane w celu realizacji umowy i jej prawid\u0142owego wykonywania w oparciu o Twoj\u0105 \u015bwiadom\u0105 i dobrowoln\u0105 zgod\u0119 (art. 9 ust. 2 lit. a RODO) \u2013 do czasu ustania celu biznesowego lub cofni\u0119cia zgody. Podanie danych jest dobrowolne, ale jest niezb\u0119dne do prawid\u0142owej realizacji umowy.<\/p>\n<p>&nbsp;<\/p>\n<p><b>12. Rekrutacji\u00a0<\/b><\/p>\n<p>&nbsp;<\/p>\n<p>Dane mog\u0105 by\u0107 przetwarzane przez czas niezb\u0119dny do procesu rekrutacji i zawarcia umowy(art. 6 ust.1 lit. b oraz 6 ust.1 lit. c RODO), a w przypadku danych dodatkowych dobrowolnie podanych \u2013 w oparciu o Twoj\u0105 zgod\u0119; do cel\u00f3w przysz\u0142ych rekrutacji \u2013 na podstawie wyra\u017conej przez Ciebie zgody, przez okres maksymalnie 3 lat (okres ten liczony jest od zako\u0144czenia roku, w kt\u00f3rych aplikacja zosta\u0142a pozyskana). Podanie danych osobowych jest dobrowolne, z tym, \u017ce podanie niekt\u00f3rych danych mo\u017ce by\u0107 niezb\u0119dne do przeprowadzenia rekrutacji, jak r\u00f3wnie\u017c do zawarcia umowy. Konsekwencj\u0105 niepodania tych danych b\u0119dzie brak realizacji ww. dzia\u0142a\u0144.<\/p>\n<p>&nbsp;<\/p>\n<h2 style=\"text-align: center;\"><b>\u00a73<\/b><\/h2>\n<h2 style=\"text-align: center;\"><b>Komu mo\u017cemy przekaza\u0107 Twoje dane?<\/b><\/h2>\n<p>&nbsp;<\/p>\n<p>Przekazujemy Twoje dane innym podmiotom tylko wtedy, gdy jest to niezb\u0119dne do realizacji cel\u00f3w przetwarzania, o kt\u00f3rych mowa w \u00a72 oraz wy\u0142\u0105cznie w zakresie koniecznym do realizacji tego celu.\u00a0 Co do zasady zbieramy i przetwarzamy tylko te dane, kt\u00f3re sam nam poda\u0142e\u015b z zastrze\u017ceniem danych zbieranych automatycznie (plik\u00f3w cookies). Wi\u0119cej o cookies znajdziesz w \u00a77.<\/p>\n<p>W razie potrzeby Twoje dane mog\u0105 by\u0107 przekazane podmiotom, z kt\u00f3rymi wsp\u00f3\u0142pracujemy przy realizacji ww. cel\u00f3w, w szczeg\u00f3lno\u015bci firmie hostingowej, firmie informatycznej\/podmiotowi zarz\u0105dzaj\u0105cemu stron\u0105, firmie \u015bwiadcz\u0105cej us\u0142ugi rachunkowo-ksi\u0119gowe, firmie udost\u0119pniaj\u0105cej program do faktur, firmie \u015bwiadcz\u0105cej us\u0142ugi newslettera, firmie \u015bwiadcz\u0105cej us\u0142ugi chmurowe, podmiotom \u015bwiadcz\u0105cym us\u0142ugi marketingowe, podmiotom \u015bwiadcz\u0105cym us\u0142ugi administracyjne, podmiotom \u015bwiadcz\u0105cym us\u0142ugi konsultingowe, podwykonawcom, prawnikom, kurierom lub operatorom pocztowym, platformie szkoleniowej, platformie spo\u0142eczno\u015bciowej, platformie do obs\u0142ugi Klient\u00f3w, platformie do umawiania wizyt, platformie do udost\u0119pniania produkt\u00f3w lub \u015bwiadczenia us\u0142ug, innym podmiotom, kt\u00f3re wspieraj\u0105 Administratora w realizacji cel\u00f3w przetwarzania.<\/p>\n<p>Co do zasady dane nie b\u0119d\u0105 przekazywane poza obszar EOG, z zastrze\u017ceniem sytuacji opisanych poni\u017cej. W pozosta\u0142ych przypadkach, w sytuacji gdy dane b\u0119d\u0105 przekazane poza EOG, nast\u0105pi to w oparciu o Twoj\u0105 zgod\u0119, standardowe klauzule umowne lub w oparciu o inne zabezpieczenia przewidziane w RODO po spe\u0142nieniu m.in. obowi\u0105zku informacyjnego.<\/p>\n<p>Us\u0142ugi \u015bwiadczone przez Google lub Facebook (META) \u015bwiadczone s\u0105 co do zasady przez podmioty maj\u0105ce swoj\u0105 siedzib\u0119 w Unii Europejskiej. Z uwagi jednak na globalny charakter dzia\u0142ania tych podmiot\u00f3w, Twoje dane mog\u0105 by\u0107 przekazywane do USA, w zwi\u0105zku z ich przechowywaniem na serwerach ameryka\u0144skich (w ca\u0142o\u015bci lub w cz\u0119\u015bci). Niezale\u017cnie od tego, Google i Facebook wdro\u017cy\u0142y zabezpieczenia przewidziane RODO maj\u0105ce na celu ochron\u0119 danych osobowych zgodnie z wymogami RODO poprzez stosowanie standardowych klauzul umownych.\u00a0 Wi\u0119cej informacji o zasadach przetwarzania danych przez ww. dostawc\u00f3w znajduj\u0105 si\u0119 w Politykach prywatno\u015bci ka\u017cdego z podmiot\u00f3w.<\/p>\n<p>Twoje dane (o ile wynika to z celu przetwarzania) mog\u0105 by\u0107 tak\u017ce przekazywane poza obszar EOG nast\u0119puj\u0105cym podmiotom:<\/p>\n<ul>\n<li aria-level=\"1\">Asana, Inc., 1550 Bryant Street, 2nd Floor San Francisco, California 94103,<\/li>\n<\/ul>\n<h2 style=\"text-align: center;\"><b>\u00a74<\/b><\/h2>\n<h2 style=\"text-align: center;\"><b>Jakie prawa Ci przys\u0142uguj\u0105?<\/b><\/h2>\n<p>W zwi\u0105zku z RODO przys\u0142uguje Ci prawo:<\/p>\n<ul>\n<li aria-level=\"1\">dost\u0119pu do swoich danych osobowych,<\/li>\n<li aria-level=\"1\">sprostowania danych osobowych,<\/li>\n<li aria-level=\"1\">usuni\u0119cia danych osobowych,<\/li>\n<li aria-level=\"1\">ograniczenia przetwarzania danych osobowych,<\/li>\n<li aria-level=\"1\">sprzeciwu wobec przetwarzania danych osobowych,<\/li>\n<li aria-level=\"1\">przenoszenia danych osobowych,<\/li>\n<li aria-level=\"1\">cofni\u0119cia zgody; wycofanie zgody nie wp\u0142ywa na zgodno\u015b\u0107 z prawem przetwarzania dokonanego przed jej cofni\u0119ciem.<\/li>\n<\/ul>\n<p>&nbsp;<\/p>\n<p>Je\u017celi uwa\u017casz, \u017ce Twoje dane osobowe s\u0105 przetwarzane niezgodnie z obowi\u0105zuj\u0105cym prawem, przys\u0142uguje Ci skarga do Prezesa Urz\u0119du Ochrony Danych Osobowych. W takim przypadku zach\u0119cam jednak do wcze\u015bniejszego kontaktu ze mn\u0105 celem wyja\u015bnienia swoich w\u0105tpliwo\u015bci.<\/p>\n<p>&nbsp;<\/p>\n<h2 style=\"text-align: center;\"><b>\u00a75<\/b><\/h2>\n<h2 style=\"text-align: center;\"><b>Czy Twoje dane s\u0105 profilowane?<\/b><\/h2>\n<p>Administrator analizuje dane osobowe w spos\u00f3b zautomatyzowany za pomoc\u0105 narz\u0119dzi udost\u0119pnionych przez dostawc\u00f3w oprogramowania (np. za pomoc\u0105 statystyk, historii) wy\u0142\u0105cznie w zakresie, kt\u00f3ry nie wywo\u0142uje wobec Ciebie \u017cadnych skutk\u00f3w prawnych lub w podobny spos\u00f3b istotnie wp\u0142ywa na Twoj\u0105 sytuacj\u0119, w tym prawa lub wolno\u015bci. Celem przetwarzania danych w spos\u00f3b zautomatyzowany jest poznanie przez preferencji U\u017cytkownik\u00f3w (wi\u0119cej o analizie wskazano w rozdziale Polityka plik\u00f3w cookies).<\/p>\n<p>&nbsp;<\/p>\n<h2 style=\"text-align: center;\"><b>\u00a76<\/b><\/h2>\n<h2 style=\"text-align: center;\"><b>Przepisy prawa obowi\u0105zuj\u0105ce w zakresie danych osobowych<\/b><\/h2>\n<p>W\u00a0sprawach nieuregulowanych stosuje si\u0119 w\u0142a\u015bciwe przepisy prawa, w tym prawa europejskiego (m.in. RODO).<\/p>\n<h2 style=\"text-align: center;\"><b>\u00a77<\/b><\/h2>\n<h2 style=\"text-align: center;\"><b>Polityka plik\u00f3w cookies<\/b><\/h2>\n<p>Strona nie zbiera w spos\u00f3b automatyczny \u017cadnych informacji, z wyj\u0105tkiem informacji zawartych w plikach cookies. Dane te s\u0105 zbierane w spos\u00f3b uniemo\u017cliwiaj\u0105cy identyfikacj\u0119 U\u017cytkownika, tzw. Dane Anonimowe.<\/p>\n<p>Pliki cookies (tzw. \u201eciasteczka\u201d) stanowi\u0105 dane informatyczne, w szczeg\u00f3lno\u015bci pliki tekstowe, kt\u00f3re przechowywane s\u0105 w urz\u0105dzeniu ko\u0144cowym U\u017cytkownika Strony i przeznaczone s\u0105 do korzystania ze Strony. Cookies zazwyczaj zawieraj\u0105 nazw\u0119 strony internetowej, z kt\u00f3rej pochodz\u0105, czas przechowywania ich na urz\u0105dzeniu ko\u0144cowym oraz unikalny numer.<\/p>\n<p>Pliki cookies wykorzystywane s\u0105 w celu dostosowania zawarto\u015bci Strony do preferencji U\u017cytkownika oraz optymalizacji korzystania ze Strony; tworzenia statystyk, kt\u00f3re pomagaj\u0105 zrozumie\u0107, w jaki spos\u00f3b U\u017cytkownicy korzystaj\u0105 ze Strony, co umo\u017cliwia ulepszanie jej struktury i zawarto\u015bci.<\/p>\n<p>Mo\u017cesz dokona\u0107 samodzielnie zmian w ustawieniach dotycz\u0105cych plik\u00f3w cookies. W wielu przypadkach przegl\u0105darka internetowa domy\u015blnie dopuszcza przechowywanie plik\u00f3w cookies w urz\u0105dzeniu ko\u0144cowym U\u017cytkownika. Szczeg\u00f3\u0142owe informacje o mo\u017cliwo\u015bci i sposobach obs\u0142ugi plik\u00f3w cookies dost\u0119pne s\u0105 w ustawieniach oprogramowania (przegl\u0105darki internetowej). Brak wyra\u017cenia zgody na pliki cookies mo\u017ce ogranicza\u0107 dzia\u0142anie niekt\u00f3rych funkcjonalno\u015bci na Stronie.<\/p>\n<p>Administrator stosuje technologie obserwuj\u0105ce dzia\u0142ania podejmowane przez U\u017cytkownika w ramach Strony:<\/p>\n<ul>\n<li aria-level=\"1\">piksel konwersji Facebooka (Meta) dostarczany przez Meta Platforms Ireland Limited\u2013 w celu zarz\u0105dzania reklamami na Meta i prowadzenia dzia\u0142a\u0144 remarketingowych;\u00a0Facebook Pixel to fragment kodu opublikowany na stronie internetowej, kt\u00f3ry pozwala na docieranie do grupy docelowej w oparciu o dane os\u00f3b, kt\u00f3re korzysta\u0142y ze strony internetowej. W\u00a0ramach funkcji Facebook Pixel mo\u017cliwe jest zatem wy\u015bwietlanie opublikowanych reklam na portalu nale\u017c\u0105cych do Meta wy\u0142\u0105cznie u\u017cytkownikom portalu, kt\u00f3rzy wykazali zainteresowanie\u00a0 produktami lub us\u0142ugami lub maj\u0105 wsp\u00f3lne czynniki do ww. os\u00f3b.\u00a0Dane te przetwarzane s\u0105 w oparciu o uzasadniony interes Administratora (art. 6 ust. 1 lit. f RODO).\u00a0Szczeg\u00f3\u0142owe informacje dot. Piksela Facebooka mo\u017cna znale\u017a\u0107 na stronie\u00a0<a href=\"https:\/\/www.facebook.com\/privacy\/center\/?entry_point=privacy_shortcuts_redirect\">Polityki prywatno\u015bci Facebooka (Meta).<\/a><\/li>\n<li aria-level=\"1\">narz\u0119dzia Google, w tym Google Analytics\u00a0dostarczane przez\u00a0Google LLC, 1600 Amphitheatre Parkway, Mountain View, CA 94043, USA. Dane pozyskane w ramach korzystania z ww. narz\u0119dzia wykorzystuj\u0119 w celu analizy statystyk Strony. Google Analytics korzysta z w\u0142asnych plik\u00f3w cookies do analizowania dzia\u0142a\u0144 i zachowa\u0144 U\u017cytkownik\u00f3w Strony. Pliki te s\u0142u\u017c\u0105 do przechowywania informacji, np. z jakiej strony U\u017cytkownik trafi\u0142 na bie\u017c\u0105c\u0105 stron\u0119 internetow\u0105. Pomagaj\u0105 udoskonali\u0107 Stron\u0119; Dane te przetwarzane s\u0105 w oparciu o uzasadniony interes Administratora (art. 6 ust. 1 lit. f RODO).\u00a0\u00a0Szczeg\u00f3\u0142owe informacje dot. Piksela Facebooka mo\u017cna znale\u017a\u0107 na stronie\u00a0<a href=\"https:\/\/policies.google.com\/technologies\/partner-sites\">dot. zasad korzystania z narz\u0119dzi Google.<\/a><\/li>\n<\/ul>\n<h2 style=\"text-align: center;\"><b>\u00a78<\/b><\/h2>\n<h2 style=\"text-align: center;\"><b>Wtyczki spo\u0142eczno\u015bciowe\u00a0<\/b><\/h2>\n<p>Na Stronie u\u017cywane s\u0105 wtyczki, widgety i inne narz\u0119dzia spo\u0142eczno\u015bciowe udost\u0119pniane przez portale takie jak: Facebook (Meta), Instagram, YouTube, Linkedin. Zasady dotycz\u0105ce przetwarzania danych osobowych opisane s\u0105 bezpo\u015brednio na stronach ww. Us\u0142ugodawc\u00f3w.<\/p>\n<p>&nbsp;<\/p>\n<h2 style=\"text-align: center;\"><b>\u00a79<\/b><\/h2>\n<h2 style=\"text-align: center;\"><b>Wsp\u00f3\u0142administrowanie<\/b><\/h2>\n<p>Dane przetwarzane na potrzeby statystyk zbieranych w ramach platformy Facebook (Meta) s\u0105 wsp\u00f3\u0142administrowane przez Administratora oraz Meta Platforms\u00a0Ireland Limited, z siedzib\u0105 pod adresem 4 Grand Canal Square, Grand Canal Harbour, Dublin 2, Irlandia, zwana dalej Wsp\u00f3\u0142administratorem. Szczeg\u00f3\u0142owe zasady dotycz\u0105ce wsp\u00f3\u0142administrowania danymi, w tym informacje o przys\u0142uguj\u0105cym prawach, opisane zosta\u0142y na stronie\u00a0<a href=\"https:\/\/www.facebook.com\/privacy\/policy\/?entry_point=data_policy_redirect&amp;entry=0\"><b>Polityka prywatno\u015bci<\/b><\/a><b>.<\/b><\/p>\n<p>&nbsp;<\/p>\n<p>Dane przetwarzane w ramach platformy Linkedin s\u0105 wsp\u00f3\u0142administrowane przez Administratora oraz Linkedin Ireland Unlimited Company, adres: Legal Dept. (Privacy Policy and User Agreement), Wilton Place, Dublin 2, Ireland,\u00a0zwany dalej Wsp\u00f3\u0142administratorem. Szczeg\u00f3\u0142owe zasady dotycz\u0105ce wsp\u00f3\u0142administrowania danymi, w tym informacje o przys\u0142uguj\u0105cym prawach, opisane zosta\u0142y na stronie\u00a0<a href=\"https:\/\/pl.linkedin.com\/legal\/privacy-policy\"><b>Polityka prywatno\u015bci.\u00a0<\/b><\/a><\/p>\n<p>Administrator przetwarza dane w\u00a0oparciu o uzasadniony interes Administratora polegaj\u0105cy na prowadzeniu analiz aktywno\u015bci U\u017cytkownik\u00f3w, a tak\u017ce ich preferencji, w celu poprawy stosowanych funkcjonalno\u015bci i \u015bwiadczonych us\u0142ug. W sprawach dotycz\u0105cych danych osobowych mo\u017cna kontaktowa\u0107 si\u0119 zar\u00f3wno z Administratorem, jak i Wsp\u00f3\u0142administratorem.<\/p>\n<p>&nbsp;<\/p>\n<p><a href=\"https:\/\/propedis.pl\/sklep\/wp-content\/uploads\/2023\/03\/Propedis-polityka-prywatnosci.docx.pdf\">Propedis polityka prywatno\u015bci<\/a><\/p>\n","protected":false},"excerpt":{"rendered":"<p>Dzie\u0144 dobry, cze\u015b\u0107, Je\u015bli trafi\u0142e\u015b na t\u0119 stron\u0119, to znak, \u017ce wa\u017cna jest dla Ciebie ochrona Twoich danych osobowych. Chcemy Ci\u0119 zapewni\u0107, \u017ce dbamy o Twoj\u0105 prywatno\u015b\u0107 i jest ona dla nas wa\u017cna. W tym celu wdro\u017cyli\u015bmy nie tylko \u015brodki prawne, ale i techniczne, \u017ceby dodatkowo wzmocni\u0107 jej ochron\u0119. Zgodnie z RODO, poni\u017cej przedstawiamy Ci [&hellip;]<\/p>\n","protected":false},"author":3708,"featured_media":0,"parent":0,"menu_order":0,"comment_status":"closed","ping_status":"closed","template":"","meta":{"ep_exclude_from_search":false,"footnotes":""},"class_list":["post-410","page","type-page","status-publish","hentry"],"yoast_head":"<!-- This site is optimized with the Yoast SEO Premium plugin v26.3 (Yoast SEO v27.4) - https:\/\/yoast.com\/product\/yoast-seo-premium-wordpress\/ -->\n<title>Polityka prywatno\u015bci - Pro Pedis - Profesjonalnie dla st\u00f3p<\/title>\n<meta name=\"robots\" content=\"index, follow, max-snippet:-1, max-image-preview:large, max-video-preview:-1\" \/>\n<link rel=\"canonical\" href=\"https:\/\/propedis.pl\/sklep\/polityka-prywatnosci\/\" \/>\n<meta property=\"og:locale\" content=\"pl_PL\" \/>\n<meta property=\"og:type\" content=\"article\" \/>\n<meta property=\"og:title\" content=\"Polityka prywatno\u015bci\" \/>\n<meta property=\"og:description\" content=\"Dzie\u0144 dobry, cze\u015b\u0107, Je\u015bli trafi\u0142e\u015b na t\u0119 stron\u0119, to znak, \u017ce wa\u017cna jest dla Ciebie ochrona Twoich danych osobowych. Chcemy Ci\u0119 zapewni\u0107, \u017ce dbamy o Twoj\u0105 prywatno\u015b\u0107 i jest ona dla nas wa\u017cna. W tym celu wdro\u017cyli\u015bmy nie tylko \u015brodki prawne, ale i techniczne, \u017ceby dodatkowo wzmocni\u0107 jej ochron\u0119. Zgodnie z RODO, poni\u017cej przedstawiamy Ci [&hellip;]\" \/>\n<meta property=\"og:url\" content=\"https:\/\/propedis.pl\/sklep\/polityka-prywatnosci\/\" \/>\n<meta property=\"og:site_name\" content=\"Pro Pedis - Profesjonalnie dla st\u00f3p\" \/>\n<meta property=\"article:modified_time\" content=\"2024-11-27T14:31:44+00:00\" \/>\n<meta name=\"twitter:card\" content=\"summary_large_image\" \/>\n<meta name=\"twitter:label1\" content=\"Szacowany czas czytania\" \/>\n\t<meta name=\"twitter:data1\" content=\"14 minut\" \/>\n<script type=\"application\/ld+json\" class=\"yoast-schema-graph\">{\"@context\":\"https:\\\/\\\/schema.org\",\"@graph\":[{\"@type\":\"WebPage\",\"@id\":\"https:\\\/\\\/propedis.pl\\\/sklep\\\/polityka-prywatnosci\\\/\",\"url\":\"https:\\\/\\\/propedis.pl\\\/sklep\\\/polityka-prywatnosci\\\/\",\"name\":\"Polityka prywatno\u015bci - Pro Pedis - Profesjonalnie dla st\u00f3p\",\"isPartOf\":{\"@id\":\"https:\\\/\\\/propedis.pl\\\/sklep\\\/#website\"},\"datePublished\":\"2019-08-11T07:31:51+00:00\",\"dateModified\":\"2024-11-27T14:31:44+00:00\",\"breadcrumb\":{\"@id\":\"https:\\\/\\\/propedis.pl\\\/sklep\\\/polityka-prywatnosci\\\/#breadcrumb\"},\"inLanguage\":\"pl-PL\",\"potentialAction\":[{\"@type\":\"ReadAction\",\"target\":[\"https:\\\/\\\/propedis.pl\\\/sklep\\\/polityka-prywatnosci\\\/\"]}]},{\"@type\":\"BreadcrumbList\",\"@id\":\"https:\\\/\\\/propedis.pl\\\/sklep\\\/polityka-prywatnosci\\\/#breadcrumb\",\"itemListElement\":[{\"@type\":\"ListItem\",\"position\":1,\"name\":\"Strona g\u0142\u00f3wna\",\"item\":\"https:\\\/\\\/propedis.pl\\\/sklep\\\/\"},{\"@type\":\"ListItem\",\"position\":2,\"name\":\"Polityka prywatno\u015bci\"}]},{\"@type\":\"WebSite\",\"@id\":\"https:\\\/\\\/propedis.pl\\\/sklep\\\/#website\",\"url\":\"https:\\\/\\\/propedis.pl\\\/sklep\\\/\",\"name\":\"Pro Pedis - Profesjonalnie dla st\u00f3p\",\"description\":\"\",\"potentialAction\":[{\"@type\":\"SearchAction\",\"target\":{\"@type\":\"EntryPoint\",\"urlTemplate\":\"https:\\\/\\\/propedis.pl\\\/sklep\\\/?s={search_term_string}\"},\"query-input\":{\"@type\":\"PropertyValueSpecification\",\"valueRequired\":true,\"valueName\":\"search_term_string\"}}],\"inLanguage\":\"pl-PL\"}]}<\/script>\n<!-- \/ Yoast SEO Premium plugin. -->","yoast_head_json":{"title":"Polityka prywatno\u015bci - Pro Pedis - Profesjonalnie dla st\u00f3p","robots":{"index":"index","follow":"follow","max-snippet":"max-snippet:-1","max-image-preview":"max-image-preview:large","max-video-preview":"max-video-preview:-1"},"canonical":"https:\/\/propedis.pl\/sklep\/polityka-prywatnosci\/","og_locale":"pl_PL","og_type":"article","og_title":"Polityka prywatno\u015bci","og_description":"Dzie\u0144 dobry, cze\u015b\u0107, Je\u015bli trafi\u0142e\u015b na t\u0119 stron\u0119, to znak, \u017ce wa\u017cna jest dla Ciebie ochrona Twoich danych osobowych. Chcemy Ci\u0119 zapewni\u0107, \u017ce dbamy o Twoj\u0105 prywatno\u015b\u0107 i jest ona dla nas wa\u017cna. W tym celu wdro\u017cyli\u015bmy nie tylko \u015brodki prawne, ale i techniczne, \u017ceby dodatkowo wzmocni\u0107 jej ochron\u0119. Zgodnie z RODO, poni\u017cej przedstawiamy Ci [&hellip;]","og_url":"https:\/\/propedis.pl\/sklep\/polityka-prywatnosci\/","og_site_name":"Pro Pedis - Profesjonalnie dla st\u00f3p","article_modified_time":"2024-11-27T14:31:44+00:00","twitter_card":"summary_large_image","twitter_misc":{"Szacowany czas czytania":"14 minut"},"schema":{"@context":"https:\/\/schema.org","@graph":[{"@type":"WebPage","@id":"https:\/\/propedis.pl\/sklep\/polityka-prywatnosci\/","url":"https:\/\/propedis.pl\/sklep\/polityka-prywatnosci\/","name":"Polityka prywatno\u015bci - Pro Pedis - Profesjonalnie dla st\u00f3p","isPartOf":{"@id":"https:\/\/propedis.pl\/sklep\/#website"},"datePublished":"2019-08-11T07:31:51+00:00","dateModified":"2024-11-27T14:31:44+00:00","breadcrumb":{"@id":"https:\/\/propedis.pl\/sklep\/polityka-prywatnosci\/#breadcrumb"},"inLanguage":"pl-PL","potentialAction":[{"@type":"ReadAction","target":["https:\/\/propedis.pl\/sklep\/polityka-prywatnosci\/"]}]},{"@type":"BreadcrumbList","@id":"https:\/\/propedis.pl\/sklep\/polityka-prywatnosci\/#breadcrumb","itemListElement":[{"@type":"ListItem","position":1,"name":"Strona g\u0142\u00f3wna","item":"https:\/\/propedis.pl\/sklep\/"},{"@type":"ListItem","position":2,"name":"Polityka prywatno\u015bci"}]},{"@type":"WebSite","@id":"https:\/\/propedis.pl\/sklep\/#website","url":"https:\/\/propedis.pl\/sklep\/","name":"Pro Pedis - Profesjonalnie dla st\u00f3p","description":"","potentialAction":[{"@type":"SearchAction","target":{"@type":"EntryPoint","urlTemplate":"https:\/\/propedis.pl\/sklep\/?s={search_term_string}"},"query-input":{"@type":"PropertyValueSpecification","valueRequired":true,"valueName":"search_term_string"}}],"inLanguage":"pl-PL"}]}},"_links":{"self":[{"href":"https:\/\/propedis.pl\/sklep\/wp-json\/wp\/v2\/pages\/410","targetHints":{"allow":["GET"]}}],"collection":[{"href":"https:\/\/propedis.pl\/sklep\/wp-json\/wp\/v2\/pages"}],"about":[{"href":"https:\/\/propedis.pl\/sklep\/wp-json\/wp\/v2\/types\/page"}],"author":[{"embeddable":true,"href":"https:\/\/propedis.pl\/sklep\/wp-json\/wp\/v2\/users\/3708"}],"replies":[{"embeddable":true,"href":"https:\/\/propedis.pl\/sklep\/wp-json\/wp\/v2\/comments?post=410"}],"version-history":[{"count":0,"href":"https:\/\/propedis.pl\/sklep\/wp-json\/wp\/v2\/pages\/410\/revisions"}],"wp:attachment":[{"href":"https:\/\/propedis.pl\/sklep\/wp-json\/wp\/v2\/media?parent=410"}],"curies":[{"name":"wp","href":"https:\/\/api.w.org\/{rel}","templated":true}]}}