{"id":1006,"date":"2020-01-20T14:40:39","date_gmt":"2020-01-20T13:40:39","guid":{"rendered":"https:\/\/propedis.pl\/sklep\/?post_type=product&#038;p=1006"},"modified":"2026-04-29T14:33:12","modified_gmt":"2026-04-29T12:33:12","slug":"korekcja","status":"publish","type":"product","link":"https:\/\/propedis.pl\/sklep\/produkt\/korekcja\/","title":{"rendered":"Korekcja &#8211; Kolor Quatro 5015"},"content":{"rendered":"<p><span style=\"font-weight: 400;\">Wk\u0142adka termoformowalna<\/span><span style=\"font-weight: 400;\"> Korekcja &#8211; kolor quatro sprawdza si\u0119 doskonale dla dzieci ze <strong>stop\u0105 ko\u015blaw\u0105 oraz p\u0142ask\u0105 elastyczn\u0105<\/strong>.\u00a0 Jej zdecydowanym plusem jest to, \u017ce<strong> nie wymaga dodatkowych element\u00f3w koryguj\u0105cych ko\u015blawo\u015b\u0107.<\/strong><\/span><\/p>\n<p><span style=\"font-weight: 400;\">Baz\u0119 wk\u0142adki stanowi bardzo odporny materia\u0142 Lunacell A, kt\u00f3ry zapewnia <strong>korekcj\u0119 \u015br\u00f3dstopia i pi\u0119ty.<\/strong> Warstwa pokryciowa to materia\u0142 Lunasoft Color Quatro. Charakteryzuje si\u0119 on <strong>trwa\u0142o\u015bci\u0105 i odporno\u015bci\u0105 na wilgo\u0107<\/strong>, a jednocze\u015bnie jest bardzo <strong>cienki.<\/strong> Ponadto jest \u0142atwy w utrzymaniu w czysto\u015bci. Kolorowy wz\u00f3r wykorzystanego materia\u0142u jest bardzo lubiany przez dzieci.<\/span><\/p>\n<p><span style=\"font-weight: 400;\">Przed uformowaniem nale\u017cy sfazowa\u0107 wszystkie brzegi wk\u0142adki oraz elementu koryguj\u0105cego. Po uformowaniu nale\u017cy\u00a0 doszlifowa\u0107, aby uzyska\u0107 w\u0142a\u015bciw\u0105 korekcj\u0119.<\/span><\/p>\n<p><span style=\"font-weight: 400;\">Wk\u0142adka termoformowalna<\/span><span style=\"font-weight: 400;\"> Korekcja &#8211; kolor quatro wyst\u0119puje r\u00f3wnie\u017c w wersji <strong>wst\u0119pnie uformowanej,<\/strong>\u00a0kt\u00f3r\u0105 nale\u017cy w gabinecie doszlifowa\u0107 do po\u017c\u0105danej korekcji.<\/span><\/p>\n<p><img loading=\"lazy\" decoding=\"async\" class=\"aligncenter wp-image-6584 size-full\" src=\"https:\/\/propedis.pl\/sklep\/wp-content\/uploads\/2020\/03\/MA5015_6.png\" alt=\"\" width=\"600\" height=\"600\" srcset=\"https:\/\/propedis.pl\/sklep\/wp-content\/uploads\/2020\/03\/MA5015_6.png 600w, https:\/\/propedis.pl\/sklep\/wp-content\/uploads\/2020\/03\/MA5015_6-150x150.png 150w, https:\/\/propedis.pl\/sklep\/wp-content\/uploads\/2020\/03\/MA5015_6-100x100.png 100w, https:\/\/propedis.pl\/sklep\/wp-content\/uploads\/2020\/03\/MA5015_6-300x300.png 300w\" sizes=\"auto, (max-width: 600px) 100vw, 600px\" \/><\/p>\n","protected":false},"excerpt":{"rendered":"<p>Wk\u0142adka termoformowalna Korekcja &#8211; kolor quatro sprawdza si\u0119 doskonale dla dzieci ze stop\u0105 ko\u015blaw\u0105 oraz p\u0142ask\u0105 elastyczn\u0105.\u00a0 Jej zdecydowanym plusem jest to, \u017ce nie wymaga dodatkowych element\u00f3w koryguj\u0105cych ko\u015blawo\u015b\u0107. Baz\u0119 wk\u0142adki stanowi bardzo odporny materia\u0142 Lunacell A, kt\u00f3ry zapewnia korekcj\u0119 \u015br\u00f3dstopia i pi\u0119ty. Warstwa pokryciowa to materia\u0142 Lunasoft Color Quatro. Charakteryzuje si\u0119 on trwa\u0142o\u015bci\u0105 i [&hellip;]<\/p>\n","protected":false},"featured_media":5806,"template":"","meta":{"ep_exclude_from_search":false},"product_brand":[],"product_cat":[15,54],"product_tag":[453,448,452,446,447],"class_list":{"0":"post-1006","1":"product","2":"type-product","3":"status-publish","4":"has-post-thumbnail","6":"product_cat-wkladki","7":"product_cat-wkladki-dzieciece","8":"product_tag-wkladki-dla-dzieci","9":"product_tag-wkladki-do-butow","10":"product_tag-wkladki-dzieciece","11":"product_tag-wkladki-termoformowalne","12":"product_tag-wkladki-termoplastyczne","14":"first","15":"instock","16":"taxable","17":"shipping-taxable","18":"purchasable","19":"product-type-variable","20":"has-default-attributes"},"yoast_head":"<!-- This site is optimized with the Yoast SEO Premium plugin v26.3 (Yoast SEO v27.4) - https:\/\/yoast.com\/product\/yoast-seo-premium-wordpress\/ -->\n<title>Korekcja - Kolor Quatro 5015 - Pro Pedis - Profesjonalnie dla st\u00f3p<\/title>\n<meta name=\"robots\" content=\"index, follow, max-snippet:-1, max-image-preview:large, max-video-preview:-1\" \/>\n<link rel=\"canonical\" href=\"https:\/\/propedis.pl\/sklep\/produkt\/korekcja\/\" \/>\n<meta property=\"og:locale\" content=\"pl_PL\" \/>\n<meta property=\"og:type\" content=\"article\" \/>\n<meta property=\"og:title\" content=\"Korekcja - Kolor Quatro 5015\" \/>\n<meta property=\"og:description\" content=\"Wk\u0142adka termoformowalna Korekcja &#8211; kolor quatro sprawdza si\u0119 doskonale dla dzieci ze stop\u0105 ko\u015blaw\u0105 oraz p\u0142ask\u0105 elastyczn\u0105.\u00a0 Jej zdecydowanym plusem jest to, \u017ce nie wymaga dodatkowych element\u00f3w koryguj\u0105cych ko\u015blawo\u015b\u0107. Baz\u0119 wk\u0142adki stanowi bardzo odporny materia\u0142 Lunacell A, kt\u00f3ry zapewnia korekcj\u0119 \u015br\u00f3dstopia i pi\u0119ty. Warstwa pokryciowa to materia\u0142 Lunasoft Color Quatro. Charakteryzuje si\u0119 on trwa\u0142o\u015bci\u0105 i [&hellip;]\" \/>\n<meta property=\"og:url\" content=\"https:\/\/propedis.pl\/sklep\/produkt\/korekcja\/\" \/>\n<meta property=\"og:site_name\" content=\"Pro Pedis - Profesjonalnie dla st\u00f3p\" \/>\n<meta property=\"article:modified_time\" content=\"2026-04-29T12:33:12+00:00\" \/>\n<meta property=\"og:image\" content=\"https:\/\/propedis.pl\/sklep\/wp-content\/uploads\/2020\/03\/5015_1-dessus-2.jpg\" \/>\n\t<meta property=\"og:image:width\" content=\"500\" \/>\n\t<meta property=\"og:image:height\" content=\"500\" \/>\n\t<meta property=\"og:image:type\" content=\"image\/jpeg\" \/>\n<meta name=\"twitter:card\" content=\"summary_large_image\" \/>\n<meta name=\"twitter:label1\" content=\"Szacowany czas czytania\" \/>\n\t<meta name=\"twitter:data1\" content=\"2 minuty\" \/>\n<script type=\"application\/ld+json\" class=\"yoast-schema-graph\">{\"@context\":\"https:\\\/\\\/schema.org\",\"@graph\":[{\"@type\":\"WebPage\",\"@id\":\"https:\\\/\\\/propedis.pl\\\/sklep\\\/produkt\\\/korekcja\\\/\",\"url\":\"https:\\\/\\\/propedis.pl\\\/sklep\\\/produkt\\\/korekcja\\\/\",\"name\":\"Korekcja - Kolor Quatro 5015 - Pro Pedis - Profesjonalnie dla st\u00f3p\",\"isPartOf\":{\"@id\":\"https:\\\/\\\/propedis.pl\\\/sklep\\\/#website\"},\"primaryImageOfPage\":{\"@id\":\"https:\\\/\\\/propedis.pl\\\/sklep\\\/produkt\\\/korekcja\\\/#primaryimage\"},\"image\":{\"@id\":\"https:\\\/\\\/propedis.pl\\\/sklep\\\/produkt\\\/korekcja\\\/#primaryimage\"},\"thumbnailUrl\":\"https:\\\/\\\/propedis.pl\\\/sklep\\\/wp-content\\\/uploads\\\/2020\\\/03\\\/5015_1-dessus-2.jpg\",\"datePublished\":\"2020-01-20T13:40:39+00:00\",\"dateModified\":\"2026-04-29T12:33:12+00:00\",\"breadcrumb\":{\"@id\":\"https:\\\/\\\/propedis.pl\\\/sklep\\\/produkt\\\/korekcja\\\/#breadcrumb\"},\"inLanguage\":\"pl-PL\",\"potentialAction\":[{\"@type\":\"ReadAction\",\"target\":[\"https:\\\/\\\/propedis.pl\\\/sklep\\\/produkt\\\/korekcja\\\/\"]}]},{\"@type\":\"ImageObject\",\"inLanguage\":\"pl-PL\",\"@id\":\"https:\\\/\\\/propedis.pl\\\/sklep\\\/produkt\\\/korekcja\\\/#primaryimage\",\"url\":\"https:\\\/\\\/propedis.pl\\\/sklep\\\/wp-content\\\/uploads\\\/2020\\\/03\\\/5015_1-dessus-2.jpg\",\"contentUrl\":\"https:\\\/\\\/propedis.pl\\\/sklep\\\/wp-content\\\/uploads\\\/2020\\\/03\\\/5015_1-dessus-2.jpg\",\"width\":500,\"height\":500},{\"@type\":\"BreadcrumbList\",\"@id\":\"https:\\\/\\\/propedis.pl\\\/sklep\\\/produkt\\\/korekcja\\\/#breadcrumb\",\"itemListElement\":[{\"@type\":\"ListItem\",\"position\":1,\"name\":\"Strona g\u0142\u00f3wna\",\"item\":\"https:\\\/\\\/propedis.pl\\\/sklep\\\/\"},{\"@type\":\"ListItem\",\"position\":2,\"name\":\"Sklep\",\"item\":\"https:\\\/\\\/propedis.pl\\\/sklep\\\/produkty\\\/\"},{\"@type\":\"ListItem\",\"position\":3,\"name\":\"Wk\u0142adki\",\"item\":\"https:\\\/\\\/propedis.pl\\\/sklep\\\/kategoria-produktu\\\/wkladki\\\/\"},{\"@type\":\"ListItem\",\"position\":4,\"name\":\"Wk\u0142adki dzieci\u0119ce\",\"item\":\"https:\\\/\\\/propedis.pl\\\/sklep\\\/kategoria-produktu\\\/wkladki\\\/wkladki-dzieciece\\\/\"},{\"@type\":\"ListItem\",\"position\":5,\"name\":\"Korekcja &#8211; Kolor Quatro 5015\"}]},{\"@type\":\"WebSite\",\"@id\":\"https:\\\/\\\/propedis.pl\\\/sklep\\\/#website\",\"url\":\"https:\\\/\\\/propedis.pl\\\/sklep\\\/\",\"name\":\"Pro Pedis - Profesjonalnie dla st\u00f3p\",\"description\":\"\",\"potentialAction\":[{\"@type\":\"SearchAction\",\"target\":{\"@type\":\"EntryPoint\",\"urlTemplate\":\"https:\\\/\\\/propedis.pl\\\/sklep\\\/?s={search_term_string}\"},\"query-input\":{\"@type\":\"PropertyValueSpecification\",\"valueRequired\":true,\"valueName\":\"search_term_string\"}}],\"inLanguage\":\"pl-PL\"}]}<\/script>\n<!-- \/ Yoast SEO Premium plugin. -->","yoast_head_json":{"title":"Korekcja - Kolor Quatro 5015 - Pro Pedis - Profesjonalnie dla st\u00f3p","robots":{"index":"index","follow":"follow","max-snippet":"max-snippet:-1","max-image-preview":"max-image-preview:large","max-video-preview":"max-video-preview:-1"},"canonical":"https:\/\/propedis.pl\/sklep\/produkt\/korekcja\/","og_locale":"pl_PL","og_type":"article","og_title":"Korekcja - Kolor Quatro 5015","og_description":"Wk\u0142adka termoformowalna Korekcja &#8211; kolor quatro sprawdza si\u0119 doskonale dla dzieci ze stop\u0105 ko\u015blaw\u0105 oraz p\u0142ask\u0105 elastyczn\u0105.\u00a0 Jej zdecydowanym plusem jest to, \u017ce nie wymaga dodatkowych element\u00f3w koryguj\u0105cych ko\u015blawo\u015b\u0107. Baz\u0119 wk\u0142adki stanowi bardzo odporny materia\u0142 Lunacell A, kt\u00f3ry zapewnia korekcj\u0119 \u015br\u00f3dstopia i pi\u0119ty. Warstwa pokryciowa to materia\u0142 Lunasoft Color Quatro. Charakteryzuje si\u0119 on trwa\u0142o\u015bci\u0105 i [&hellip;]","og_url":"https:\/\/propedis.pl\/sklep\/produkt\/korekcja\/","og_site_name":"Pro Pedis - Profesjonalnie dla st\u00f3p","article_modified_time":"2026-04-29T12:33:12+00:00","og_image":[{"width":500,"height":500,"url":"https:\/\/propedis.pl\/sklep\/wp-content\/uploads\/2020\/03\/5015_1-dessus-2.jpg","type":"image\/jpeg"}],"twitter_card":"summary_large_image","twitter_misc":{"Szacowany czas czytania":"2 minuty"},"schema":{"@context":"https:\/\/schema.org","@graph":[{"@type":"WebPage","@id":"https:\/\/propedis.pl\/sklep\/produkt\/korekcja\/","url":"https:\/\/propedis.pl\/sklep\/produkt\/korekcja\/","name":"Korekcja - Kolor Quatro 5015 - Pro Pedis - Profesjonalnie dla st\u00f3p","isPartOf":{"@id":"https:\/\/propedis.pl\/sklep\/#website"},"primaryImageOfPage":{"@id":"https:\/\/propedis.pl\/sklep\/produkt\/korekcja\/#primaryimage"},"image":{"@id":"https:\/\/propedis.pl\/sklep\/produkt\/korekcja\/#primaryimage"},"thumbnailUrl":"https:\/\/propedis.pl\/sklep\/wp-content\/uploads\/2020\/03\/5015_1-dessus-2.jpg","datePublished":"2020-01-20T13:40:39+00:00","dateModified":"2026-04-29T12:33:12+00:00","breadcrumb":{"@id":"https:\/\/propedis.pl\/sklep\/produkt\/korekcja\/#breadcrumb"},"inLanguage":"pl-PL","potentialAction":[{"@type":"ReadAction","target":["https:\/\/propedis.pl\/sklep\/produkt\/korekcja\/"]}]},{"@type":"ImageObject","inLanguage":"pl-PL","@id":"https:\/\/propedis.pl\/sklep\/produkt\/korekcja\/#primaryimage","url":"https:\/\/propedis.pl\/sklep\/wp-content\/uploads\/2020\/03\/5015_1-dessus-2.jpg","contentUrl":"https:\/\/propedis.pl\/sklep\/wp-content\/uploads\/2020\/03\/5015_1-dessus-2.jpg","width":500,"height":500},{"@type":"BreadcrumbList","@id":"https:\/\/propedis.pl\/sklep\/produkt\/korekcja\/#breadcrumb","itemListElement":[{"@type":"ListItem","position":1,"name":"Strona g\u0142\u00f3wna","item":"https:\/\/propedis.pl\/sklep\/"},{"@type":"ListItem","position":2,"name":"Sklep","item":"https:\/\/propedis.pl\/sklep\/produkty\/"},{"@type":"ListItem","position":3,"name":"Wk\u0142adki","item":"https:\/\/propedis.pl\/sklep\/kategoria-produktu\/wkladki\/"},{"@type":"ListItem","position":4,"name":"Wk\u0142adki dzieci\u0119ce","item":"https:\/\/propedis.pl\/sklep\/kategoria-produktu\/wkladki\/wkladki-dzieciece\/"},{"@type":"ListItem","position":5,"name":"Korekcja &#8211; Kolor Quatro 5015"}]},{"@type":"WebSite","@id":"https:\/\/propedis.pl\/sklep\/#website","url":"https:\/\/propedis.pl\/sklep\/","name":"Pro Pedis - Profesjonalnie dla st\u00f3p","description":"","potentialAction":[{"@type":"SearchAction","target":{"@type":"EntryPoint","urlTemplate":"https:\/\/propedis.pl\/sklep\/?s={search_term_string}"},"query-input":{"@type":"PropertyValueSpecification","valueRequired":true,"valueName":"search_term_string"}}],"inLanguage":"pl-PL"}]}},"_links":{"self":[{"href":"https:\/\/propedis.pl\/sklep\/wp-json\/wp\/v2\/product\/1006","targetHints":{"allow":["GET"]}}],"collection":[{"href":"https:\/\/propedis.pl\/sklep\/wp-json\/wp\/v2\/product"}],"about":[{"href":"https:\/\/propedis.pl\/sklep\/wp-json\/wp\/v2\/types\/product"}],"wp:featuredmedia":[{"embeddable":true,"href":"https:\/\/propedis.pl\/sklep\/wp-json\/wp\/v2\/media\/5806"}],"wp:attachment":[{"href":"https:\/\/propedis.pl\/sklep\/wp-json\/wp\/v2\/media?parent=1006"}],"wp:term":[{"taxonomy":"product_brand","embeddable":true,"href":"https:\/\/propedis.pl\/sklep\/wp-json\/wp\/v2\/product_brand?post=1006"},{"taxonomy":"product_cat","embeddable":true,"href":"https:\/\/propedis.pl\/sklep\/wp-json\/wp\/v2\/product_cat?post=1006"},{"taxonomy":"product_tag","embeddable":true,"href":"https:\/\/propedis.pl\/sklep\/wp-json\/wp\/v2\/product_tag?post=1006"}],"curies":[{"name":"wp","href":"https:\/\/api.w.org\/{rel}","templated":true}]}}